{"id":7425,"date":"2023-10-15T16:22:21","date_gmt":"2023-10-15T14:22:21","guid":{"rendered":"https:\/\/www.agence-presence.fr\/project\/casa-xanxo\/"},"modified":"2024-10-30T17:21:54","modified_gmt":"2024-10-30T16:21:54","slug":"casa-xanxo","status":"publish","type":"project","link":"https:\/\/www.agence-presence.fr\/en\/project\/casa-xanxo\/","title":{"rendered":"Casa Xanxo"},"content":{"rendered":"<p>La sc\u00e9nographie de l\u2019exposition <b>s\u2019harmonise avec l\u2019esprit des lieux tout en se d\u00e9marquant du traitement architectural<\/b>. Les couleurs, l\u2019\u00e9clairage, le design et les formes permettent de <b>souligner un contraste <\/b>entre l\u2019architecture contemporaine de l\u2019exposition et les &#8220;vieilles pierres&#8221; de la maison. L\u2019exposition d\u00e9ploie ses volumes dans les anciennes salles qui servent d&#8217;\u00e9crin aux collections et m\u00e9dias. Le visiteur d\u00e9ambule dans ce<b> jeu d\u2019ilots<\/b> qui forment les fragments d\u2019histoire de la Casa Xanxo et reconstitue ainsi le fil des histoires ; pass\u00e9e de la maison et future de la ville.<\/p>\n","protected":false},"excerpt":{"rendered":"<p>La sc\u00e9nographie de l\u2019exposition s\u2019harmonise avec l\u2019esprit des lieux tout en se d\u00e9marquant du traitement architectural. Les couleurs, l\u2019\u00e9clairage, le design et les formes permettent de souligner un contraste entre l\u2019architecture contemporaine de l\u2019exposition et les &#8220;vieilles pierres&#8221; de la maison. L\u2019exposition d\u00e9ploie ses volumes dans les anciennes salles qui servent d&#8217;\u00e9crin aux collections et [&hellip;]<\/p>\n","protected":false},"author":2,"featured_media":5497,"comment_status":"open","ping_status":"closed","template":"","meta":{"_acf_changed":false,"_et_pb_use_builder":"on","_et_pb_old_content":"","_et_gb_content_width":"","inline_featured_image":false,"footnotes":""},"project_category":[35,37],"project_tag":[],"class_list":["post-7425","project","type-project","status-publish","has-post-thumbnail","hentry","project_category-scenographie-en","project_category-museographie-en"],"acf":[],"_links":{"self":[{"href":"https:\/\/www.agence-presence.fr\/en\/wp-json\/wp\/v2\/project\/7425","targetHints":{"allow":["GET"]}}],"collection":[{"href":"https:\/\/www.agence-presence.fr\/en\/wp-json\/wp\/v2\/project"}],"about":[{"href":"https:\/\/www.agence-presence.fr\/en\/wp-json\/wp\/v2\/types\/project"}],"author":[{"embeddable":true,"href":"https:\/\/www.agence-presence.fr\/en\/wp-json\/wp\/v2\/users\/2"}],"replies":[{"embeddable":true,"href":"https:\/\/www.agence-presence.fr\/en\/wp-json\/wp\/v2\/comments?post=7425"}],"version-history":[{"count":1,"href":"https:\/\/www.agence-presence.fr\/en\/wp-json\/wp\/v2\/project\/7425\/revisions"}],"predecessor-version":[{"id":7426,"href":"https:\/\/www.agence-presence.fr\/en\/wp-json\/wp\/v2\/project\/7425\/revisions\/7426"}],"wp:featuredmedia":[{"embeddable":true,"href":"https:\/\/www.agence-presence.fr\/en\/wp-json\/wp\/v2\/media\/5497"}],"wp:attachment":[{"href":"https:\/\/www.agence-presence.fr\/en\/wp-json\/wp\/v2\/media?parent=7425"}],"wp:term":[{"taxonomy":"project_category","embeddable":true,"href":"https:\/\/www.agence-presence.fr\/en\/wp-json\/wp\/v2\/project_category?post=7425"},{"taxonomy":"project_tag","embeddable":true,"href":"https:\/\/www.agence-presence.fr\/en\/wp-json\/wp\/v2\/project_tag?post=7425"}],"curies":[{"name":"wp","href":"https:\/\/api.w.org\/{rel}","templated":true}]}}