{"id":7455,"date":"2022-10-17T15:34:24","date_gmt":"2022-10-17T13:34:24","guid":{"rendered":"https:\/\/www.agence-presence.fr\/project\/bibliotheque-des-dominicains\/"},"modified":"2024-10-30T17:31:52","modified_gmt":"2024-10-30T16:31:52","slug":"dominican-library","status":"publish","type":"project","link":"https:\/\/www.agence-presence.fr\/en\/project\/dominican-library\/","title":{"rendered":"Dominican Library"},"content":{"rendered":"<p>Les espaces de pr\u00e9sentation constituent un ensemble coh\u00e9rent d\u2019exposition qui s\u2019ins\u00e8re dans un parcours convivial, int\u00e9rieur comme ext\u00e9rieur, int\u00e9grant l\u2019am\u00e9nagement mus\u00e9ographique, la visite du clo\u00eetre, le regard sur l\u2019atelier de reliure et l\u2019acc\u00e8s au verger\u2010potager en arri\u00e8re du couvent. Le long des fa\u00e7ades, les vitrines et supports de pr\u00e9sentation et les \u00eelots centraux offrent une autre mode d\u2019exposition plus po\u00e9tique, sur le th\u00e8me de <b>la page en suspension<\/b>. L\u2019ensemble joue sur le contraste et la compl\u00e9mentarit\u00e9 des effets, r\u00e9v\u00e9lant l\u2019histoire du livre et son \u00e9volution.<\/p>\n","protected":false},"excerpt":{"rendered":"<p>Les espaces de pr\u00e9sentation constituent un ensemble coh\u00e9rent d\u2019exposition qui s\u2019ins\u00e8re dans un parcours convivial, int\u00e9rieur comme ext\u00e9rieur, int\u00e9grant l\u2019am\u00e9nagement mus\u00e9ographique, la visite du clo\u00eetre, le regard sur l\u2019atelier de reliure et l\u2019acc\u00e8s au verger\u2010potager en arri\u00e8re du couvent. Le long des fa\u00e7ades, les vitrines et supports de pr\u00e9sentation et les \u00eelots centraux offrent une [&hellip;]<\/p>\n","protected":false},"author":2,"featured_media":6154,"comment_status":"open","ping_status":"closed","template":"","meta":{"_acf_changed":false,"_et_pb_use_builder":"on","_et_pb_old_content":"","_et_gb_content_width":"","inline_featured_image":false,"footnotes":""},"project_category":[35,37],"project_tag":[],"class_list":["post-7455","project","type-project","status-publish","has-post-thumbnail","hentry","project_category-scenographie-en","project_category-museographie-en"],"acf":[],"_links":{"self":[{"href":"https:\/\/www.agence-presence.fr\/en\/wp-json\/wp\/v2\/project\/7455","targetHints":{"allow":["GET"]}}],"collection":[{"href":"https:\/\/www.agence-presence.fr\/en\/wp-json\/wp\/v2\/project"}],"about":[{"href":"https:\/\/www.agence-presence.fr\/en\/wp-json\/wp\/v2\/types\/project"}],"author":[{"embeddable":true,"href":"https:\/\/www.agence-presence.fr\/en\/wp-json\/wp\/v2\/users\/2"}],"replies":[{"embeddable":true,"href":"https:\/\/www.agence-presence.fr\/en\/wp-json\/wp\/v2\/comments?post=7455"}],"version-history":[{"count":1,"href":"https:\/\/www.agence-presence.fr\/en\/wp-json\/wp\/v2\/project\/7455\/revisions"}],"predecessor-version":[{"id":7456,"href":"https:\/\/www.agence-presence.fr\/en\/wp-json\/wp\/v2\/project\/7455\/revisions\/7456"}],"wp:featuredmedia":[{"embeddable":true,"href":"https:\/\/www.agence-presence.fr\/en\/wp-json\/wp\/v2\/media\/6154"}],"wp:attachment":[{"href":"https:\/\/www.agence-presence.fr\/en\/wp-json\/wp\/v2\/media?parent=7455"}],"wp:term":[{"taxonomy":"project_category","embeddable":true,"href":"https:\/\/www.agence-presence.fr\/en\/wp-json\/wp\/v2\/project_category?post=7455"},{"taxonomy":"project_tag","embeddable":true,"href":"https:\/\/www.agence-presence.fr\/en\/wp-json\/wp\/v2\/project_tag?post=7455"}],"curies":[{"name":"wp","href":"https:\/\/api.w.org\/{rel}","templated":true}]}}