{"id":7520,"date":"2016-10-15T16:45:25","date_gmt":"2016-10-15T14:45:25","guid":{"rendered":"https:\/\/www.agence-presence.fr\/project\/chapelle-baudelle\/"},"modified":"2024-10-30T17:47:17","modified_gmt":"2024-10-30T16:47:17","slug":"the-baudelle-chapel","status":"publish","type":"project","link":"https:\/\/www.agence-presence.fr\/en\/project\/the-baudelle-chapel\/","title":{"rendered":"The Baudelle Chapel"},"content":{"rendered":"<p>Dans le cadre de la r\u00e9habilitation de la chapelle Baudelle, la ville d\u2019Aire-sur-la-Lys souhaitait une mise en \u00ab tourisme \u00bb bas\u00e9e sur une offre de contenu ludique et p\u00e9dagogique, organis\u00e9e avec les outils num\u00e9riques (et NTIC) autour de la maquette de la ville et d\u2019un film projet\u00e9 sur un \u00e9cran transparent. L\u2019agence Pr\u00e9sence a alors d\u00e9fini un programme de visite et de d\u00e9couverte du patrimoine, des programmes multim\u00e9dias, ainsi que des services num\u00e9riques du b\u00e2timent et d\u2019acc\u00e8s libre.<\/p>\n","protected":false},"excerpt":{"rendered":"<p>Dans le cadre de la r\u00e9habilitation de la chapelle Baudelle, la ville d\u2019Aire-sur-la-Lys souhaitait une mise en \u00ab tourisme \u00bb bas\u00e9e sur une offre de contenu ludique et p\u00e9dagogique, organis\u00e9e avec les outils num\u00e9riques (et NTIC) autour de la maquette de la ville et d\u2019un film projet\u00e9 sur un \u00e9cran transparent. L\u2019agence Pr\u00e9sence a alors [&hellip;]<\/p>\n","protected":false},"author":2,"featured_media":5557,"comment_status":"open","ping_status":"closed","template":"","meta":{"_acf_changed":false,"_et_pb_use_builder":"on","_et_pb_old_content":"","_et_gb_content_width":"","inline_featured_image":false,"footnotes":""},"project_category":[35,39],"project_tag":[],"class_list":["post-7520","project","type-project","status-publish","has-post-thumbnail","hentry","project_category-scenographie-en","project_category-experiences-immersives-en"],"acf":[],"_links":{"self":[{"href":"https:\/\/www.agence-presence.fr\/en\/wp-json\/wp\/v2\/project\/7520","targetHints":{"allow":["GET"]}}],"collection":[{"href":"https:\/\/www.agence-presence.fr\/en\/wp-json\/wp\/v2\/project"}],"about":[{"href":"https:\/\/www.agence-presence.fr\/en\/wp-json\/wp\/v2\/types\/project"}],"author":[{"embeddable":true,"href":"https:\/\/www.agence-presence.fr\/en\/wp-json\/wp\/v2\/users\/2"}],"replies":[{"embeddable":true,"href":"https:\/\/www.agence-presence.fr\/en\/wp-json\/wp\/v2\/comments?post=7520"}],"version-history":[{"count":1,"href":"https:\/\/www.agence-presence.fr\/en\/wp-json\/wp\/v2\/project\/7520\/revisions"}],"predecessor-version":[{"id":7521,"href":"https:\/\/www.agence-presence.fr\/en\/wp-json\/wp\/v2\/project\/7520\/revisions\/7521"}],"wp:featuredmedia":[{"embeddable":true,"href":"https:\/\/www.agence-presence.fr\/en\/wp-json\/wp\/v2\/media\/5557"}],"wp:attachment":[{"href":"https:\/\/www.agence-presence.fr\/en\/wp-json\/wp\/v2\/media?parent=7520"}],"wp:term":[{"taxonomy":"project_category","embeddable":true,"href":"https:\/\/www.agence-presence.fr\/en\/wp-json\/wp\/v2\/project_category?post=7520"},{"taxonomy":"project_tag","embeddable":true,"href":"https:\/\/www.agence-presence.fr\/en\/wp-json\/wp\/v2\/project_tag?post=7520"}],"curies":[{"name":"wp","href":"https:\/\/api.w.org\/{rel}","templated":true}]}}